{"id":1105,"date":"2025-04-18T06:59:46","date_gmt":"2025-04-18T04:59:46","guid":{"rendered":"https:\/\/www.regionalis.shop\/atelier-peiger\/product\/ohrhaenger-mit-perle-sterlingsilber-oxidiert\/"},"modified":"2025-04-18T06:59:46","modified_gmt":"2025-04-18T04:59:46","slug":"ohrhaenger-mit-perle-sterlingsilber-oxidiert","status":"publish","type":"product","link":"https:\/\/www.regionalis.shop\/atelier-peiger\/shop\/ohrhaenger-mit-perle-sterlingsilber-oxidiert\/","title":{"rendered":"Ohrh\u00e4nger mit Perle Sterlingsilber oxidiert"},"content":{"rendered":"<p>Ohrh\u00e4nger<br \/>\nSterlingsilber oxidiert mit gro\u00dfer Perle<br \/>\nf\u00fcr Abend oder f\u00fcr dein sportliches outfit,<br \/>\npasst zu jedem Anlass.<br \/>\nGro\u00dfe Perle mit super sch\u00f6nem Glanz<br \/>\nDurchmesser 10 mm L\u00e4nge 25 mm<br \/>\nhinten mit Sicherungs\u00f6se<\/p>\n","protected":false},"excerpt":{"rendered":"<p>Ohrh\u00e4nger Sterlingsilber oxidiert mit gro\u00dfer Perle f\u00fcr Abend oder f\u00fcr dein sportliches outfit, passt zu jedem Anlass. Gro\u00dfe Perle mit super sch\u00f6nem Glanz Durchmesser 10 mm L\u00e4nge 25 mm hinten mit Sicherungs\u00f6se<\/p>\n","protected":false},"featured_media":1106,"template":"","meta":{"_acf_changed":false},"product_brand":[],"product_cat":[163,70],"product_tag":[],"class_list":{"0":"post-1105","1":"product","2":"type-product","3":"status-publish","4":"has-post-thumbnail","6":"product_cat-ohrringe","7":"product_cat-schmuck","9":"first","10":"instock","11":"purchasable","12":"product-type-simple"},"acf":[],"_links":{"self":[{"href":"https:\/\/www.regionalis.shop\/atelier-peiger\/wp-json\/wp\/v2\/product\/1105","targetHints":{"allow":["GET"]}}],"collection":[{"href":"https:\/\/www.regionalis.shop\/atelier-peiger\/wp-json\/wp\/v2\/product"}],"about":[{"href":"https:\/\/www.regionalis.shop\/atelier-peiger\/wp-json\/wp\/v2\/types\/product"}],"wp:featuredmedia":[{"embeddable":true,"href":"https:\/\/www.regionalis.shop\/atelier-peiger\/wp-json\/wp\/v2\/media\/1106"}],"wp:attachment":[{"href":"https:\/\/www.regionalis.shop\/atelier-peiger\/wp-json\/wp\/v2\/media?parent=1105"}],"wp:term":[{"taxonomy":"product_brand","embeddable":true,"href":"https:\/\/www.regionalis.shop\/atelier-peiger\/wp-json\/wp\/v2\/product_brand?post=1105"},{"taxonomy":"product_cat","embeddable":true,"href":"https:\/\/www.regionalis.shop\/atelier-peiger\/wp-json\/wp\/v2\/product_cat?post=1105"},{"taxonomy":"product_tag","embeddable":true,"href":"https:\/\/www.regionalis.shop\/atelier-peiger\/wp-json\/wp\/v2\/product_tag?post=1105"}],"curies":[{"name":"wp","href":"https:\/\/api.w.org\/{rel}","templated":true}]}}