{"id":862,"date":"2025-05-24T13:44:06","date_gmt":"2025-05-24T11:44:06","guid":{"rendered":"https:\/\/starter.stage.shop-it.at\/?page_id=862"},"modified":"2025-10-23T15:21:37","modified_gmt":"2025-10-23T13:21:37","slug":"startseite","status":"publish","type":"page","link":"https:\/\/www.regionalis.shop\/steffi-einzelstuecke\/","title":{"rendered":"Startseite"},"content":{"rendered":"<section>\n        <div class=\"header-image\">\n            <img decoding=\"async\" src=\"https:\/\/www.regionalis.shop\/app\/uploads\/sites\/558\/6535_2023_03_02_13_37_33_594474436.png\" alt=\"\">\n        <\/div>\n    \n    <\/section>\n    <section>\n    <div class=\"header-title\">\n        <h1 class=\"h2\">Willkommen bei steffi.einzelstuecke<\/h1>\n    <\/div>\n            <h2 class=\"h3\">Handgemacht in W\u00f6rgl<\/h2>\n                <p>Hi, ich bin Steffi!<\/p>\n<p>Sch\u00f6n das du zu mir gefunden hast.<\/p>\n<p>Bei mir findet ihr alles Einzelst\u00fccke.<\/p>\n<p>Ich fertige kleine T\u00e4schchen, Beuteltaschen, Stirnb\u00e4nder, nachhaltige Abschminkpads, Jogakissen, bestickte Untersetzter, kleine Pr\u00e4sente zum verschenken oder nat\u00fcrlich auch selber behalten und vieles mehr.<\/p>\n<p>Schaut euch gerne um und ich freue mich wenn ihr mich auch auf Instagram steffi.einzelstuecke<\/p>\n\n    \n    <h3>Produkte<\/h3>\n\n    <div class=\"woocommerce columns-3 \"><\/div>\n    <p>\n        <a href=\"https:\/\/www.regionalis.shop\/steffi-einzelstuecke\/shop\/\" class=\"btn btn-primary btn-icon-right\">\n            Alle Produkte <i class=\"bi bi-arrow-right-short\"><\/i>\n        <\/a>\n    <\/p>\n<\/section>\n\n<div data-block-name=\"woocommerce\/store-notices\" class=\"wc-block-store-notices woocommerce alignwide alignwide wp-block-woocommerce-store-notices\"><div class=\"woocommerce-notices-wrapper\"><\/div><\/div>","protected":false},"excerpt":{"rendered":"","protected":false},"author":1,"featured_media":0,"parent":0,"menu_order":0,"comment_status":"closed","ping_status":"closed","template":"template-home.blade.php","meta":{"_acf_changed":false,"footnotes":""},"class_list":["post-862","page","type-page","status-publish","hentry"],"acf":[],"_links":{"self":[{"href":"https:\/\/www.regionalis.shop\/steffi-einzelstuecke\/wp-json\/wp\/v2\/pages\/862","targetHints":{"allow":["GET"]}}],"collection":[{"href":"https:\/\/www.regionalis.shop\/steffi-einzelstuecke\/wp-json\/wp\/v2\/pages"}],"about":[{"href":"https:\/\/www.regionalis.shop\/steffi-einzelstuecke\/wp-json\/wp\/v2\/types\/page"}],"author":[{"embeddable":true,"href":"https:\/\/www.regionalis.shop\/steffi-einzelstuecke\/wp-json\/wp\/v2\/users\/1"}],"replies":[{"embeddable":true,"href":"https:\/\/www.regionalis.shop\/steffi-einzelstuecke\/wp-json\/wp\/v2\/comments?post=862"}],"version-history":[{"count":28,"href":"https:\/\/www.regionalis.shop\/steffi-einzelstuecke\/wp-json\/wp\/v2\/pages\/862\/revisions"}],"predecessor-version":[{"id":1041,"href":"https:\/\/www.regionalis.shop\/steffi-einzelstuecke\/wp-json\/wp\/v2\/pages\/862\/revisions\/1041"}],"wp:attachment":[{"href":"https:\/\/www.regionalis.shop\/steffi-einzelstuecke\/wp-json\/wp\/v2\/media?parent=862"}],"curies":[{"name":"wp","href":"https:\/\/api.w.org\/{rel}","templated":true}]}}