{"id":1055,"date":"2025-04-18T09:34:21","date_gmt":"2025-04-18T07:34:21","guid":{"rendered":"https:\/\/www.regionalis.shop\/weingut-martinshof-michael-martin\/product\/2022-grauburgunder-privat\/"},"modified":"2025-04-18T09:34:21","modified_gmt":"2025-04-18T07:34:21","slug":"2022-grauburgunder-privat","status":"publish","type":"product","link":"https:\/\/www.regionalis.shop\/weingut-martinshof-michael-martin\/shop\/2022-grauburgunder-privat\/","title":{"rendered":"2022 Grauburgunder Privat"},"content":{"rendered":"<p>PRIVAT \u2013 Hei\u00dft eigenwillig wie Burgunder und ich<\/p>\n<p>Die Farbe ist aufgrund der Maisch G\u00e4rung typisch Kupferfarben, also kr\u00e4ftig f\u00fcr einen Wei\u00dfwein, aber eine milde S\u00e4ure. <\/p>\n<p>Der Duft dezent nach getrocknetem Obst und Haselnuss. Da der Graue Burgunder anf\u00e4llig f\u00fcr Edelf\u00e4ule (Botrytis) ist,<br \/>\nErnten wir ihn Fr\u00fcher und das ergibt einen mittleren Alkoholgehalt mit tollem Trinkfluss,<\/p>\n","protected":false},"excerpt":{"rendered":"<p>PRIVAT \u2013 Hei\u00dft eigenwillig wie Burgunder und ich Die Farbe ist aufgrund der Maisch G\u00e4rung typisch Kupferfarben, also kr\u00e4ftig f\u00fcr einen Wei\u00dfwein, aber eine milde S\u00e4ure. Der Duft dezent nach getrocknetem Obst und Haselnuss. Da der Graue Burgunder anf\u00e4llig f\u00fcr Edelf\u00e4ule (Botrytis) ist, Ernten wir ihn Fr\u00fcher und das ergibt einen mittleren Alkoholgehalt mit tollem &hellip; <a href=\"https:\/\/www.regionalis.shop\/weingut-martinshof-michael-martin\/shop\/2022-grauburgunder-privat\/\">Continued<\/a><\/p>\n","protected":false},"featured_media":1056,"template":"","meta":{"_acf_changed":false},"product_brand":[],"product_cat":[69,102],"product_tag":[],"class_list":{"0":"post-1055","1":"product","2":"type-product","3":"status-publish","4":"has-post-thumbnail","6":"product_cat-schmankerl-kulinarik","7":"product_cat-wein","9":"first","10":"instock","11":"purchasable","12":"product-type-simple"},"acf":[],"_links":{"self":[{"href":"https:\/\/www.regionalis.shop\/weingut-martinshof-michael-martin\/wp-json\/wp\/v2\/product\/1055","targetHints":{"allow":["GET"]}}],"collection":[{"href":"https:\/\/www.regionalis.shop\/weingut-martinshof-michael-martin\/wp-json\/wp\/v2\/product"}],"about":[{"href":"https:\/\/www.regionalis.shop\/weingut-martinshof-michael-martin\/wp-json\/wp\/v2\/types\/product"}],"wp:featuredmedia":[{"embeddable":true,"href":"https:\/\/www.regionalis.shop\/weingut-martinshof-michael-martin\/wp-json\/wp\/v2\/media\/1056"}],"wp:attachment":[{"href":"https:\/\/www.regionalis.shop\/weingut-martinshof-michael-martin\/wp-json\/wp\/v2\/media?parent=1055"}],"wp:term":[{"taxonomy":"product_brand","embeddable":true,"href":"https:\/\/www.regionalis.shop\/weingut-martinshof-michael-martin\/wp-json\/wp\/v2\/product_brand?post=1055"},{"taxonomy":"product_cat","embeddable":true,"href":"https:\/\/www.regionalis.shop\/weingut-martinshof-michael-martin\/wp-json\/wp\/v2\/product_cat?post=1055"},{"taxonomy":"product_tag","embeddable":true,"href":"https:\/\/www.regionalis.shop\/weingut-martinshof-michael-martin\/wp-json\/wp\/v2\/product_tag?post=1055"}],"curies":[{"name":"wp","href":"https:\/\/api.w.org\/{rel}","templated":true}]}}