{"id":1083,"date":"2025-04-18T02:37:20","date_gmt":"2025-04-18T00:37:20","guid":{"rendered":"https:\/\/www.regionalis.shop\/weingut-martinshof-michael-martin\/product\/2022-weissburgunder-privat\/"},"modified":"2025-04-18T02:37:20","modified_gmt":"2025-04-18T00:37:20","slug":"2022-weissburgunder-privat","status":"publish","type":"product","link":"https:\/\/www.regionalis.shop\/weingut-martinshof-michael-martin\/shop\/2022-weissburgunder-privat\/","title":{"rendered":"2022 Wei\u00dfburgunder Privat"},"content":{"rendered":"<p>PRIVAT \u2013 Hei\u00dft eigenwillig wie Burgunder und ich<\/p>\n<p>Mittleres Gelb, die Nase nach dezenten R\u00f6staromen und kr\u00e4ftiges Nusserl. Am Gaumen sofort da, mittelkr\u00e4ftiger, langer Angang.<br \/>\nPasst zu gebratenen Huhn und Rind, sowie zu diversen Curry\u00b4s.<\/p>\n<p>Der Wein wurde im gro\u00dfen Holzfass ausgebaut und ist das Filetst\u00fcck von unserer Toplage, dem Hausberg.<\/p>\n","protected":false},"excerpt":{"rendered":"<p>PRIVAT \u2013 Hei\u00dft eigenwillig wie Burgunder und ich Mittleres Gelb, die Nase nach dezenten R\u00f6staromen und kr\u00e4ftiges Nusserl. Am Gaumen sofort da, mittelkr\u00e4ftiger, langer Angang. Passt zu gebratenen Huhn und Rind, sowie zu diversen Curry\u00b4s. Der Wein wurde im gro\u00dfen Holzfass ausgebaut und ist das Filetst\u00fcck von unserer Toplage, dem Hausberg.<\/p>\n","protected":false},"featured_media":1084,"template":"","meta":{"_acf_changed":false},"product_brand":[],"product_cat":[69,102],"product_tag":[],"class_list":{"0":"post-1083","1":"product","2":"type-product","3":"status-publish","4":"has-post-thumbnail","6":"product_cat-schmankerl-kulinarik","7":"product_cat-wein","9":"first","10":"instock","11":"purchasable","12":"product-type-simple"},"acf":[],"_links":{"self":[{"href":"https:\/\/www.regionalis.shop\/weingut-martinshof-michael-martin\/wp-json\/wp\/v2\/product\/1083","targetHints":{"allow":["GET"]}}],"collection":[{"href":"https:\/\/www.regionalis.shop\/weingut-martinshof-michael-martin\/wp-json\/wp\/v2\/product"}],"about":[{"href":"https:\/\/www.regionalis.shop\/weingut-martinshof-michael-martin\/wp-json\/wp\/v2\/types\/product"}],"wp:featuredmedia":[{"embeddable":true,"href":"https:\/\/www.regionalis.shop\/weingut-martinshof-michael-martin\/wp-json\/wp\/v2\/media\/1084"}],"wp:attachment":[{"href":"https:\/\/www.regionalis.shop\/weingut-martinshof-michael-martin\/wp-json\/wp\/v2\/media?parent=1083"}],"wp:term":[{"taxonomy":"product_brand","embeddable":true,"href":"https:\/\/www.regionalis.shop\/weingut-martinshof-michael-martin\/wp-json\/wp\/v2\/product_brand?post=1083"},{"taxonomy":"product_cat","embeddable":true,"href":"https:\/\/www.regionalis.shop\/weingut-martinshof-michael-martin\/wp-json\/wp\/v2\/product_cat?post=1083"},{"taxonomy":"product_tag","embeddable":true,"href":"https:\/\/www.regionalis.shop\/weingut-martinshof-michael-martin\/wp-json\/wp\/v2\/product_tag?post=1083"}],"curies":[{"name":"wp","href":"https:\/\/api.w.org\/{rel}","templated":true}]}}