{"id":1085,"date":"2025-04-18T02:37:20","date_gmt":"2025-04-18T00:37:20","guid":{"rendered":"https:\/\/www.regionalis.shop\/weingut-martinshof-michael-martin\/product\/2022-weinviertel-dac-hausberg\/"},"modified":"2025-04-18T02:37:20","modified_gmt":"2025-04-18T00:37:20","slug":"2022-weinviertel-dac-hausberg","status":"publish","type":"product","link":"https:\/\/www.regionalis.shop\/weingut-martinshof-michael-martin\/shop\/2022-weinviertel-dac-hausberg\/","title":{"rendered":"2022 Weinviertel DAC Hausberg"},"content":{"rendered":"<p>Der Hausberg ist eine S\u00fcdlage, wobei der Boden ein Gemisch aus Lehm-L\u00f6ss und Schwarzerde ist und deshalb runde und kr\u00e4ftige Weissweine das vinophile Ergebnis sind.<\/p>\n<p>Die Farbe des Weines wirkt nach hellem Gelbgr\u00fcn. Duft intensiv nach zartem Pfeffer und nat\u00fcrlicher Frische. Milde eingebundene S\u00e4ure. Wein zum t\u00e4glichen Genuss! Passt zu Gebackenem, Gebratenem, auch zu Karpfen und mildem K\u00e4se.<\/p>\n","protected":false},"excerpt":{"rendered":"<p>Der Hausberg ist eine S\u00fcdlage, wobei der Boden ein Gemisch aus Lehm-L\u00f6ss und Schwarzerde ist und deshalb runde und kr\u00e4ftige Weissweine das vinophile Ergebnis sind. Die Farbe des Weines wirkt nach hellem Gelbgr\u00fcn. Duft intensiv nach zartem Pfeffer und nat\u00fcrlicher Frische. Milde eingebundene S\u00e4ure. Wein zum t\u00e4glichen Genuss! Passt zu Gebackenem, Gebratenem, auch zu Karpfen &hellip; <a href=\"https:\/\/www.regionalis.shop\/weingut-martinshof-michael-martin\/shop\/2022-weinviertel-dac-hausberg\/\">Continued<\/a><\/p>\n","protected":false},"featured_media":1086,"template":"","meta":{"_acf_changed":false},"product_brand":[],"product_cat":[69,102],"product_tag":[],"class_list":{"0":"post-1085","1":"product","2":"type-product","3":"status-publish","4":"has-post-thumbnail","6":"product_cat-schmankerl-kulinarik","7":"product_cat-wein","9":"first","10":"instock","11":"purchasable","12":"product-type-simple"},"acf":[],"_links":{"self":[{"href":"https:\/\/www.regionalis.shop\/weingut-martinshof-michael-martin\/wp-json\/wp\/v2\/product\/1085","targetHints":{"allow":["GET"]}}],"collection":[{"href":"https:\/\/www.regionalis.shop\/weingut-martinshof-michael-martin\/wp-json\/wp\/v2\/product"}],"about":[{"href":"https:\/\/www.regionalis.shop\/weingut-martinshof-michael-martin\/wp-json\/wp\/v2\/types\/product"}],"wp:featuredmedia":[{"embeddable":true,"href":"https:\/\/www.regionalis.shop\/weingut-martinshof-michael-martin\/wp-json\/wp\/v2\/media\/1086"}],"wp:attachment":[{"href":"https:\/\/www.regionalis.shop\/weingut-martinshof-michael-martin\/wp-json\/wp\/v2\/media?parent=1085"}],"wp:term":[{"taxonomy":"product_brand","embeddable":true,"href":"https:\/\/www.regionalis.shop\/weingut-martinshof-michael-martin\/wp-json\/wp\/v2\/product_brand?post=1085"},{"taxonomy":"product_cat","embeddable":true,"href":"https:\/\/www.regionalis.shop\/weingut-martinshof-michael-martin\/wp-json\/wp\/v2\/product_cat?post=1085"},{"taxonomy":"product_tag","embeddable":true,"href":"https:\/\/www.regionalis.shop\/weingut-martinshof-michael-martin\/wp-json\/wp\/v2\/product_tag?post=1085"}],"curies":[{"name":"wp","href":"https:\/\/api.w.org\/{rel}","templated":true}]}}