{"id":1091,"date":"2025-04-18T02:37:20","date_gmt":"2025-04-18T00:37:20","guid":{"rendered":"https:\/\/www.regionalis.shop\/weingut-martinshof-michael-martin\/product\/2022-gruener-veltliner-retro\/"},"modified":"2025-04-18T02:37:20","modified_gmt":"2025-04-18T00:37:20","slug":"2022-gruener-veltliner-retro","status":"publish","type":"product","link":"https:\/\/www.regionalis.shop\/weingut-martinshof-michael-martin\/shop\/2022-gruener-veltliner-retro\/","title":{"rendered":"2022 Gr\u00fcner Veltliner &#8211; RETRO"},"content":{"rendered":"<p>Frischer, fruchtiger Veltliner hergestellt durch Verg\u00e4rung unter 2 bar Druck. Durch diese spezielle G\u00e4rung bildet sich ein einzigartig frisches Aroma. Wir zeigen das Au\u00dfergew\u00f6hnliches sehr gut schmeckt und wir Ideologien \u00fcberwinden.<\/p>\n<p>Frisches S\u00e4urespiel am Gaumen. In der Farbe ein helles Gelbgr\u00fcn. Im Duft erinnert er an gr\u00fcne \u00c4pfel und knackig am Gaumen. Speisenidee f\u00fcr die leichte sommerliche K\u00fcche, wie erfrischende Salate oder aber auch zur deftigen kalten Heurigenjause.<\/p>\n","protected":false},"excerpt":{"rendered":"<p>Frischer, fruchtiger Veltliner hergestellt durch Verg\u00e4rung unter 2 bar Druck. Durch diese spezielle G\u00e4rung bildet sich ein einzigartig frisches Aroma. Wir zeigen das Au\u00dfergew\u00f6hnliches sehr gut schmeckt und wir Ideologien \u00fcberwinden. Frisches S\u00e4urespiel am Gaumen. In der Farbe ein helles Gelbgr\u00fcn. Im Duft erinnert er an gr\u00fcne \u00c4pfel und knackig am Gaumen. Speisenidee f\u00fcr die &hellip; <a href=\"https:\/\/www.regionalis.shop\/weingut-martinshof-michael-martin\/shop\/2022-gruener-veltliner-retro\/\">Continued<\/a><\/p>\n","protected":false},"featured_media":1092,"template":"","meta":{"_acf_changed":false},"product_brand":[],"product_cat":[69,102],"product_tag":[],"class_list":{"0":"post-1091","1":"product","2":"type-product","3":"status-publish","4":"has-post-thumbnail","6":"product_cat-schmankerl-kulinarik","7":"product_cat-wein","9":"first","10":"instock","11":"purchasable","12":"product-type-simple"},"acf":[],"_links":{"self":[{"href":"https:\/\/www.regionalis.shop\/weingut-martinshof-michael-martin\/wp-json\/wp\/v2\/product\/1091","targetHints":{"allow":["GET"]}}],"collection":[{"href":"https:\/\/www.regionalis.shop\/weingut-martinshof-michael-martin\/wp-json\/wp\/v2\/product"}],"about":[{"href":"https:\/\/www.regionalis.shop\/weingut-martinshof-michael-martin\/wp-json\/wp\/v2\/types\/product"}],"wp:featuredmedia":[{"embeddable":true,"href":"https:\/\/www.regionalis.shop\/weingut-martinshof-michael-martin\/wp-json\/wp\/v2\/media\/1092"}],"wp:attachment":[{"href":"https:\/\/www.regionalis.shop\/weingut-martinshof-michael-martin\/wp-json\/wp\/v2\/media?parent=1091"}],"wp:term":[{"taxonomy":"product_brand","embeddable":true,"href":"https:\/\/www.regionalis.shop\/weingut-martinshof-michael-martin\/wp-json\/wp\/v2\/product_brand?post=1091"},{"taxonomy":"product_cat","embeddable":true,"href":"https:\/\/www.regionalis.shop\/weingut-martinshof-michael-martin\/wp-json\/wp\/v2\/product_cat?post=1091"},{"taxonomy":"product_tag","embeddable":true,"href":"https:\/\/www.regionalis.shop\/weingut-martinshof-michael-martin\/wp-json\/wp\/v2\/product_tag?post=1091"}],"curies":[{"name":"wp","href":"https:\/\/api.w.org\/{rel}","templated":true}]}}